{"id":2560,"date":"2021-10-21T10:15:11","date_gmt":"2021-10-21T08:15:11","guid":{"rendered":"https:\/\/marocotel.org\/?page_id=2560"},"modified":"2026-04-01T03:28:18","modified_gmt":"2026-04-01T01:28:18","slug":"evenements-associes","status":"publish","type":"page","link":"https:\/\/marocotel.org\/en\/evenements-associes\/","title":{"rendered":"Associated Events"},"content":{"rendered":"<div id=\"mo-title-en\" data-vc-full-width=\"true\" data-vc-full-width-init=\"false\" class=\"vc_row wpb_row vc_row-fluid vc_custom_1747655728968 vc_row-has-fill position-relative has-canvas\"><div class=\"wpb_column vc_column_container vc_col-sm-12\"><div class=\"vc_column-inner\"><div class=\"wpb_wrapper\"><\/div><\/div><\/div><\/div><div class=\"vc_row-full-width vc_clearfix\"><\/div><div id=\"events\" data-vc-full-width=\"true\" data-vc-full-width-init=\"false\" class=\"vc_row wpb_row vc_row-fluid vc_custom_1747446674198 position-relative has-canvas\"><div class=\"wpb_column vc_column_container vc_col-sm-12\"><div class=\"vc_column-inner\"><div class=\"wpb_wrapper\"><div class=\"deeper-text align-center  text-has-width\" style=\"font-size:25px;font-weight:700;line-height:39px;margin-bottom:60px;max-width:800px;color:#212529;\" ><span>MAROCOTEL is also distinguished by its associated events and the presence of architects, designers, chefs, and both national and international experts who come to share their know-how and expertise.<\/span>\n<\/div><div class=\"deeper-divider divider-center divider-solid\" style=\"width:160px;border-width:3px;border-top-color:#1aa2dd;\"><\/div><div class=\"clearfix\"><\/div><div class=\"deeper-text align-center  text-has-width\" style=\"font-size:25px;font-weight:700;line-height:39px;margin-bottom:30px;max-width:800px;color:#212529;\" ><span>ARABESQUE RESTO DES CHEFS\u00a0by AK :<\/span>\n<\/div><\/div><\/div><\/div><\/div><div class=\"vc_row-full-width vc_clearfix\"><\/div><div data-vc-full-width=\"true\" data-vc-full-width-init=\"false\" class=\"vc_row wpb_row vc_row-fluid vc_row-o-content-middle vc_row-flex position-relative has-canvas\"><div class=\"wpb_column vc_column_container vc_col-sm-6\"><div class=\"vc_column-inner\"><div class=\"wpb_wrapper\"><div class=\"deeper-special-text style-1 align-left\" style=\"margin:0 0 25px;\"  data-inviewport=\"yes\">\r\n\t\t\t\t\t\t<div class=\"inner\">\r\n\t\t\t\t\t\t\t<h2 class=\"text\" style=\"font-size:32px;font-weight:700;line-height:34px;padding:0 0 20px;color:#0c637a;\"><span><strong><b>1<\/b><\/strong><strong><sup><b>ER<\/b><\/sup><\/strong><strong><b>\u00a0AVRIL\u00a0:<\/b><\/strong><\/span>\n<\/h2>\r\n\t\t\t\t\t\t\t<span class=\"line\" style=\"background-color:#1aa2dd;width:80px;height:2px;\"><\/span>\r\n\t\t\t\t\t\t<\/div>\r\n\t\t\t\t\t<\/div><div class=\"deeper-text align-left  text-has-width\" style=\"font-size:16px;font-weight:500;line-height:28px;margin-bottom:30px;max-width:800px;color:#212529;\" ><span><strong><b>BADR CHGUIFI \u00a0: <\/b><\/strong>Chef Ex\u00e9cutif chez Dar Rhizlane &amp; FAISSAL ENNAFATI, chef de cuisine .<\/span>\n<\/div><\/div><\/div><\/div><div class=\"wpb_column vc_column_container vc_col-sm-6\"><div class=\"vc_column-inner\"><div class=\"wpb_wrapper\">\n\t<div  class=\"wpb_single_image wpb_content_element vc_align_right   pdf-box\">\n\t\t\n\t\t<figure class=\"wpb_wrapper vc_figure\">\n\t\t\t<a href=\"https:\/\/marocotel.org\/wp-content\/uploads\/2026\/04\/MENU-RESTO-DES-CHEFS-MERCREDI-1er-AVRIL.pdf\" target=\"_blank\" class=\"vc_single_image-wrapper vc_box_rounded  vc_box_border_grey\"><img loading=\"lazy\" decoding=\"async\" width=\"1547\" height=\"1109\" src=\"https:\/\/marocotel.org\/wp-content\/uploads\/2026\/04\/MENU-RESTO-DES-CHEFS-MERCREDI-1er-AVRIL-pdf.jpg\" class=\"vc_single_image-img attachment-full\" alt=\"\" \/><\/a>\n\t\t<\/figure>\n\t<\/div>\n\n\t<div class=\"wpb_raw_code wpb_content_element wpb_raw_html\" >\n\t\t<div class=\"wpb_wrapper\">\n\t\t\t<style>\n.pdf-box {\n  position: relative;\n  display: inline-block;\n  overflow: hidden;\n  border-radius: 8px;\n}\n\n.pdf-box img {\n  display: block;\n  width: 100%;\n  height: auto;\n  transition: transform 0.35s ease, filter 0.35s ease;\n}\n\n.pdf-box::after {\n  content: \"Voir le menu PDF\";\n  position: absolute;\n  bottom: 15px;\n  left: 15px;\n  background: rgba(0, 0, 0, 0.75);\n  color: #ffffff;\n  font-size: 13px;\n  font-weight: 600;\n  padding: 9px 14px;\n  border-radius: 6px;\n  z-index: 2;\n  pointer-events: none;\n  transition: all 0.35s ease;\n}\n\n.pdf-box:hover img {\n  transform: scale(1.04);\n  filter: brightness(0.78);\n  cursor: pointer;\n}\n\n.pdf-box:hover::before {\n  background: rgba(0, 0, 0, 0.82);\n  transform: translate(-50%, -50%) scale(1.08);\n}\n\n.pdf-box:hover::after {\n  background: rgba(0, 0, 0, 0.9);\n}<\/style>\n\t\t<\/div>\n\t<\/div>\n<\/div><\/div><\/div><\/div><div class=\"vc_row-full-width vc_clearfix\"><\/div><div data-vc-full-width=\"true\" data-vc-full-width-init=\"false\" class=\"vc_row wpb_row vc_row-fluid position-relative has-canvas\"><div class=\"wpb_column vc_column_container vc_col-sm-12\"><div class=\"vc_column-inner\"><div class=\"wpb_wrapper\"><div class=\"deeper-spacer clearfix\" data-config='{\"desktop\":50,\"mobile\":40,\"smobile\":40}'><\/div><\/div><\/div><\/div><\/div><div class=\"vc_row-full-width vc_clearfix\"><\/div><div data-vc-full-width=\"true\" data-vc-full-width-init=\"false\" class=\"vc_row wpb_row vc_row-fluid vc_row-o-content-middle vc_row-flex position-relative has-canvas\"><div class=\"wpb_column vc_column_container vc_col-sm-6\"><div class=\"vc_column-inner\"><div class=\"wpb_wrapper\">\n\t<div  class=\"wpb_single_image wpb_content_element vc_align_right   pdf-box\">\n\t\t\n\t\t<figure class=\"wpb_wrapper vc_figure\">\n\t\t\t<a href=\"https:\/\/marocotel.org\/wp-content\/uploads\/2026\/04\/MENU-RESTO-DES-CHEFS-JEUDI-2-AVRIL.pdf\" target=\"_blank\" class=\"vc_single_image-wrapper vc_box_rounded  vc_box_border_grey\"><img loading=\"lazy\" decoding=\"async\" width=\"1547\" height=\"1109\" src=\"https:\/\/marocotel.org\/wp-content\/uploads\/2026\/04\/MENU-RESTO-DES-CHEFS-JEUDI-2-AVRIL-pdf.jpg\" class=\"vc_single_image-img attachment-full\" alt=\"\" \/><\/a>\n\t\t<\/figure>\n\t<\/div>\n\n\t<div class=\"wpb_raw_code wpb_content_element wpb_raw_html\" >\n\t\t<div class=\"wpb_wrapper\">\n\t\t\t<style>\n.pdf-box {\n  position: relative;\n  display: inline-block;\n  overflow: hidden;\n  border-radius: 8px;\n}\n\n.pdf-box img {\n  display: block;\n  width: 100%;\n  height: auto;\n  transition: transform 0.35s ease, filter 0.35s ease;\n}\n\n.pdf-box::after {\n  content: \"Voir le menu PDF\";\n  position: absolute;\n  bottom: 15px;\n  left: 15px;\n  background: rgba(0, 0, 0, 0.75);\n  color: #ffffff;\n  font-size: 13px;\n  font-weight: 600;\n  padding: 9px 14px;\n  border-radius: 6px;\n  z-index: 2;\n  pointer-events: none;\n  transition: all 0.35s ease;\n}\n\n.pdf-box:hover img {\n  transform: scale(1.04);\n  filter: brightness(0.78);\n  cursor: pointer;\n}\n\n.pdf-box:hover::before {\n  background: rgba(0, 0, 0, 0.82);\n  transform: translate(-50%, -50%) scale(1.08);\n}\n\n.pdf-box:hover::after {\n  background: rgba(0, 0, 0, 0.9);\n}<\/style>\n\t\t<\/div>\n\t<\/div>\n<\/div><\/div><\/div><div class=\"wpb_column vc_column_container vc_col-sm-6\"><div class=\"vc_column-inner\"><div class=\"wpb_wrapper\"><div class=\"deeper-special-text style-1 align-left\" style=\"margin:0 0 25px;\"  data-inviewport=\"yes\">\r\n\t\t\t\t\t\t<div class=\"inner\">\r\n\t\t\t\t\t\t\t<h2 class=\"text\" style=\"font-size:32px;font-weight:700;line-height:34px;padding:0 0 20px;color:#0c637a;\"><span><strong><b>2 AVRIL\u00a0:<\/b><\/strong><\/span>\n<\/h2>\r\n\t\t\t\t\t\t\t<span class=\"line\" style=\"background-color:#1aa2dd;width:80px;height:2px;\"><\/span>\r\n\t\t\t\t\t\t<\/div>\r\n\t\t\t\t\t<\/div><div class=\"deeper-text align-left  text-has-width\" style=\"font-size:16px;font-weight:500;line-height:28px;margin-bottom:30px;max-width:800px;color:#212529;\" ><span><strong><b>ISSAM RHACHI\u00a0: <\/b><\/strong>Chef Ex\u00e9cutif chez Park Hyatt Marrakech &amp; TARIK KHATMI, chef cuisinier Groupe Restaurants Valdi Eljadida .<\/span>\n<\/div><\/div><\/div><\/div><\/div><div class=\"vc_row-full-width vc_clearfix\"><\/div><div data-vc-full-width=\"true\" data-vc-full-width-init=\"false\" class=\"vc_row wpb_row vc_row-fluid position-relative has-canvas\"><div class=\"wpb_column vc_column_container vc_col-sm-12\"><div class=\"vc_column-inner\"><div class=\"wpb_wrapper\"><div class=\"deeper-spacer clearfix\" data-config='{\"desktop\":50,\"mobile\":40,\"smobile\":40}'><\/div><\/div><\/div><\/div><\/div><div class=\"vc_row-full-width vc_clearfix\"><\/div><div data-vc-full-width=\"true\" data-vc-full-width-init=\"false\" class=\"vc_row wpb_row vc_row-fluid vc_row-o-content-middle vc_row-flex position-relative has-canvas\"><div class=\"wpb_column vc_column_container vc_col-sm-6\"><div class=\"vc_column-inner\"><div class=\"wpb_wrapper\"><div class=\"deeper-special-text style-1 align-left\" style=\"margin:0 0 25px;\"  data-inviewport=\"yes\">\r\n\t\t\t\t\t\t<div class=\"inner\">\r\n\t\t\t\t\t\t\t<h2 class=\"text\" style=\"font-size:32px;font-weight:700;line-height:34px;padding:0 0 20px;color:#0c637a;\"><span><strong><b>3 AVRIL\u00a0:<\/b><\/strong><\/span>\n<\/h2>\r\n\t\t\t\t\t\t\t<span class=\"line\" style=\"background-color:#1aa2dd;width:80px;height:2px;\"><\/span>\r\n\t\t\t\t\t\t<\/div>\r\n\t\t\t\t\t<\/div><div class=\"deeper-text align-left  text-has-width\" style=\"font-size:16px;font-weight:500;line-height:28px;margin-bottom:30px;max-width:800px;color:#212529;\" ><span><strong><b>MYRIAM ETTAHRI\u00a0: <\/b><\/strong>Cheffe Ex\u00e9cutive &amp; HICHAM EL HEDDANI, Chef ex\u00e9cutif chez Hotel Barcelo Anfa Casablanca<\/span>\n<\/div><\/div><\/div><\/div><div class=\"wpb_column vc_column_container vc_col-sm-6\"><div class=\"vc_column-inner\"><div class=\"wpb_wrapper\">\n\t<div  class=\"wpb_single_image wpb_content_element vc_align_right   pdf-box\">\n\t\t\n\t\t<figure class=\"wpb_wrapper vc_figure\">\n\t\t\t<a href=\"https:\/\/marocotel.org\/wp-content\/uploads\/2026\/04\/MENU-RESTO-DES-CHEFS-VENDREDI-3-AVRIL.pdf\" target=\"_blank\" class=\"vc_single_image-wrapper vc_box_rounded  vc_box_border_grey\"><img loading=\"lazy\" decoding=\"async\" width=\"1547\" height=\"1109\" src=\"https:\/\/marocotel.org\/wp-content\/uploads\/2026\/04\/MENU-RESTO-DES-CHEFS-VENDREDI-3-AVRIL-pdf.jpg\" class=\"vc_single_image-img attachment-full\" alt=\"\" \/><\/a>\n\t\t<\/figure>\n\t<\/div>\n\n\t<div class=\"wpb_raw_code wpb_content_element wpb_raw_html\" >\n\t\t<div class=\"wpb_wrapper\">\n\t\t\t<style>\n.pdf-box {\n  position: relative;\n  display: inline-block;\n  overflow: hidden;\n  border-radius: 8px;\n}\n\n.pdf-box img {\n  display: block;\n  width: 100%;\n  height: auto;\n  transition: transform 0.35s ease, filter 0.35s ease;\n}\n\n.pdf-box::after {\n  content: \"Voir le menu PDF\";\n  position: absolute;\n  bottom: 15px;\n  left: 15px;\n  background: rgba(0, 0, 0, 0.75);\n  color: #ffffff;\n  font-size: 13px;\n  font-weight: 600;\n  padding: 9px 14px;\n  border-radius: 6px;\n  z-index: 2;\n  pointer-events: none;\n  transition: all 0.35s ease;\n}\n\n.pdf-box:hover img {\n  transform: scale(1.04);\n  filter: brightness(0.78);\n  cursor: pointer;\n}\n\n.pdf-box:hover::before {\n  background: rgba(0, 0, 0, 0.82);\n  transform: translate(-50%, -50%) scale(1.08);\n}\n\n.pdf-box:hover::after {\n  background: rgba(0, 0, 0, 0.9);\n}<\/style>\n\t\t<\/div>\n\t<\/div>\n<\/div><\/div><\/div><\/div><div class=\"vc_row-full-width vc_clearfix\"><\/div><div data-vc-full-width=\"true\" data-vc-full-width-init=\"false\" class=\"vc_row wpb_row vc_row-fluid position-relative has-canvas\"><div class=\"wpb_column vc_column_container vc_col-sm-12\"><div class=\"vc_column-inner\"><div class=\"wpb_wrapper\"><div class=\"deeper-spacer clearfix\" data-config='{\"desktop\":50,\"mobile\":40,\"smobile\":40}'><\/div><\/div><\/div><\/div><\/div><div class=\"vc_row-full-width vc_clearfix\"><\/div><div data-vc-full-width=\"true\" data-vc-full-width-init=\"false\" class=\"vc_row wpb_row vc_row-fluid vc_row-o-content-middle vc_row-flex position-relative has-canvas\"><div class=\"wpb_column vc_column_container vc_col-sm-6\"><div class=\"vc_column-inner\"><div class=\"wpb_wrapper\">\n\t<div  class=\"wpb_single_image wpb_content_element vc_align_right   pdf-box\">\n\t\t\n\t\t<figure class=\"wpb_wrapper vc_figure\">\n\t\t\t<a href=\"https:\/\/marocotel.org\/wp-content\/uploads\/2026\/04\/MENU-RESTO-DES-CHEFS-SAMEDI-4-AVRIL.pdf\" target=\"_blank\" class=\"vc_single_image-wrapper vc_box_rounded  vc_box_border_grey\"><img loading=\"lazy\" decoding=\"async\" width=\"1547\" height=\"1109\" src=\"https:\/\/marocotel.org\/wp-content\/uploads\/2026\/04\/MENU-RESTO-DES-CHEFS-SAMEDI-4-AVRIL-pdf.jpg\" class=\"vc_single_image-img attachment-full\" alt=\"\" \/><\/a>\n\t\t<\/figure>\n\t<\/div>\n\n\t<div class=\"wpb_raw_code wpb_content_element wpb_raw_html\" >\n\t\t<div class=\"wpb_wrapper\">\n\t\t\t<style>\n.pdf-box {\n  position: relative;\n  display: inline-block;\n  overflow: hidden;\n  border-radius: 8px;\n}\n\n.pdf-box img {\n  display: block;\n  width: 100%;\n  height: auto;\n  transition: transform 0.35s ease, filter 0.35s ease;\n}\n\n.pdf-box::after {\n  content: \"Voir le menu PDF\";\n  position: absolute;\n  bottom: 15px;\n  left: 15px;\n  background: rgba(0, 0, 0, 0.75);\n  color: #ffffff;\n  font-size: 13px;\n  font-weight: 600;\n  padding: 9px 14px;\n  border-radius: 6px;\n  z-index: 2;\n  pointer-events: none;\n  transition: all 0.35s ease;\n}\n\n.pdf-box:hover img {\n  transform: scale(1.04);\n  filter: brightness(0.78);\n  cursor: pointer;\n}\n\n.pdf-box:hover::before {\n  background: rgba(0, 0, 0, 0.82);\n  transform: translate(-50%, -50%) scale(1.08);\n}\n\n.pdf-box:hover::after {\n  background: rgba(0, 0, 0, 0.9);\n}<\/style>\n\t\t<\/div>\n\t<\/div>\n<\/div><\/div><\/div><div class=\"wpb_column vc_column_container vc_col-sm-6\"><div class=\"vc_column-inner\"><div class=\"wpb_wrapper\"><div class=\"deeper-special-text style-1 align-left\" style=\"margin:0 0 25px;\"  data-inviewport=\"yes\">\r\n\t\t\t\t\t\t<div class=\"inner\">\r\n\t\t\t\t\t\t\t<h2 class=\"text\" style=\"font-size:32px;font-weight:700;line-height:34px;padding:0 0 20px;color:#0c637a;\"><span><strong><b>4 AVRIL\u00a0:<\/b><\/strong><\/span>\n<\/h2>\r\n\t\t\t\t\t\t\t<span class=\"line\" style=\"background-color:#1aa2dd;width:80px;height:2px;\"><\/span>\r\n\t\t\t\t\t\t<\/div>\r\n\t\t\t\t\t<\/div><div class=\"deeper-text align-left  text-has-width\" style=\"font-size:16px;font-weight:500;line-height:28px;margin-bottom:30px;max-width:800px;color:#212529;\" ><span><strong><b>AISSAM AIT OUAKRIM\u00a0: <\/b><\/strong>Chef Ex\u00e9cutif chez SHBM-UM6P DE BENGUERIR , SAMAK\u00c9 YVES\u00a0: Chef Ex\u00e9cutif Corporate SHBM, ADIL JOUKHRANE\u00a0: Chef Boulangerie \u00e0 la SHBM .<\/span>\n<\/div><\/div><\/div><\/div><\/div><div class=\"vc_row-full-width vc_clearfix\"><\/div><div data-vc-full-width=\"true\" data-vc-full-width-init=\"false\" class=\"vc_row wpb_row vc_row-fluid position-relative has-canvas\"><div class=\"wpb_column vc_column_container vc_col-sm-12\"><div class=\"vc_column-inner\"><div class=\"wpb_wrapper\"><div class=\"deeper-spacer clearfix\" data-config='{\"desktop\":50,\"mobile\":40,\"smobile\":40}'><\/div><\/div><\/div><\/div><\/div><div class=\"vc_row-full-width vc_clearfix\"><\/div><div data-vc-full-width=\"true\" data-vc-full-width-init=\"false\" class=\"vc_row wpb_row vc_row-fluid vc_row-o-content-middle vc_row-flex position-relative has-canvas\"><div class=\"wpb_column vc_column_container vc_col-sm-6\"><div class=\"vc_column-inner\"><div class=\"wpb_wrapper\"><div class=\"deeper-special-text style-1 align-left\" style=\"margin:0 0 25px;\"  data-inviewport=\"yes\">\r\n\t\t\t\t\t\t<div class=\"inner\">\r\n\t\t\t\t\t\t\t<h2 class=\"text\" style=\"font-size:32px;font-weight:700;line-height:34px;padding:0 0 20px;color:#0c637a;\"><span><strong><b>5 AVRIL\u00a0:<\/b><\/strong><\/span>\n<\/h2>\r\n\t\t\t\t\t\t\t<span class=\"line\" style=\"background-color:#1aa2dd;width:80px;height:2px;\"><\/span>\r\n\t\t\t\t\t\t<\/div>\r\n\t\t\t\t\t<\/div><div class=\"deeper-text align-left  text-has-width\" style=\"font-size:16px;font-weight:500;line-height:28px;margin-bottom:30px;max-width:800px;color:#212529;\" ><span><strong><b>NARCISO MOHAMED GONZALEZ\u00a0: <\/b><\/strong>Chef Ex\u00e9cutif , Hotel Radisson Gauthier La Citadelle &amp; YASINE OULD FRIHA\u00a0: Chef Cuisinier<\/span>\n<\/div><\/div><\/div><\/div><div class=\"wpb_column vc_column_container vc_col-sm-6\"><div class=\"vc_column-inner\"><div class=\"wpb_wrapper\">\n\t<div  class=\"wpb_single_image wpb_content_element vc_align_right   pdf-box\">\n\t\t\n\t\t<figure class=\"wpb_wrapper vc_figure\">\n\t\t\t<a href=\"https:\/\/marocotel.org\/wp-content\/uploads\/2026\/04\/MENU-RESTO-DES-CHEFS-DIMANCHE-5-AVRIL.pdf\" target=\"_blank\" class=\"vc_single_image-wrapper vc_box_rounded  vc_box_border_grey\"><img loading=\"lazy\" decoding=\"async\" width=\"1547\" height=\"1109\" src=\"https:\/\/marocotel.org\/wp-content\/uploads\/2026\/04\/MENU-RESTO-DES-CHEFS-DIMANCHE-5-AVRIL-pdf.jpg\" class=\"vc_single_image-img attachment-full\" alt=\"\" \/><\/a>\n\t\t<\/figure>\n\t<\/div>\n\n\t<div class=\"wpb_raw_code wpb_content_element wpb_raw_html\" >\n\t\t<div class=\"wpb_wrapper\">\n\t\t\t<style>\n.pdf-box {\n  position: relative;\n  display: inline-block;\n  overflow: hidden;\n  border-radius: 8px;\n}\n\n.pdf-box img {\n  display: block;\n  width: 100%;\n  height: auto;\n  transition: transform 0.35s ease, filter 0.35s ease;\n}\n\n.pdf-box::after {\n  content: \"Voir le menu PDF\";\n  position: absolute;\n  bottom: 15px;\n  left: 15px;\n  background: rgba(0, 0, 0, 0.75);\n  color: #ffffff;\n  font-size: 13px;\n  font-weight: 600;\n  padding: 9px 14px;\n  border-radius: 6px;\n  z-index: 2;\n  pointer-events: none;\n  transition: all 0.35s ease;\n}\n\n.pdf-box:hover img {\n  transform: scale(1.04);\n  filter: brightness(0.78);\n  cursor: pointer;\n}\n\n.pdf-box:hover::before {\n  background: rgba(0, 0, 0, 0.82);\n  transform: translate(-50%, -50%) scale(1.08);\n}\n\n.pdf-box:hover::after {\n  background: rgba(0, 0, 0, 0.9);\n}<\/style>\n\t\t<\/div>\n\t<\/div>\n<\/div><\/div><\/div><\/div><div class=\"vc_row-full-width vc_clearfix\"><\/div><div data-vc-full-width=\"true\" data-vc-full-width-init=\"false\" class=\"vc_row wpb_row vc_row-fluid position-relative has-canvas\"><div class=\"wpb_column vc_column_container vc_col-sm-12\"><div class=\"vc_column-inner\"><div class=\"wpb_wrapper\"><div class=\"deeper-spacer clearfix\" data-config='{\"desktop\":100,\"mobile\":80,\"smobile\":80}'><\/div><\/div><\/div><\/div><\/div><div class=\"vc_row-full-width vc_clearfix\"><\/div>","protected":false},"excerpt":{"rendered":"MAROCOTEL est \u00e9galement marqu\u00e9 par ses \u00e9v\u00e9nements associ\u00e9s et la pr\u00e9sence d\u2019architectes, de designers, de chefs et d\u2019experts nationaux et internationaux qui viennent partager leur savoir-faire et expertise. ARABESQUE RESTO DES CHEFS\u00a0by AK : 1ER\u00a0AVRIL\u00a0: BADR CHGUIFI \u00a0: Chef Ex\u00e9cutif chez Dar Rhizlane &amp; FAISSAL ENNAFATI, chef de cuisine . 2 AVRIL\u00a0: ISSAM RHACHI\u00a0: Chef Ex\u00e9cutif chez Park Hyatt Marrakech &amp;","protected":false},"author":1,"featured_media":0,"parent":0,"menu_order":0,"comment_status":"closed","ping_status":"closed","template":"","meta":{"_acf_changed":false,"footnotes":""},"class_list":["post-2560","page","type-page","status-publish","hentry"],"acf":[],"_links":{"self":[{"href":"https:\/\/marocotel.org\/en\/wp-json\/wp\/v2\/pages\/2560","targetHints":{"allow":["GET"]}}],"collection":[{"href":"https:\/\/marocotel.org\/en\/wp-json\/wp\/v2\/pages"}],"about":[{"href":"https:\/\/marocotel.org\/en\/wp-json\/wp\/v2\/types\/page"}],"author":[{"embeddable":true,"href":"https:\/\/marocotel.org\/en\/wp-json\/wp\/v2\/users\/1"}],"replies":[{"embeddable":true,"href":"https:\/\/marocotel.org\/en\/wp-json\/wp\/v2\/comments?post=2560"}],"version-history":[{"count":104,"href":"https:\/\/marocotel.org\/en\/wp-json\/wp\/v2\/pages\/2560\/revisions"}],"predecessor-version":[{"id":6221,"href":"https:\/\/marocotel.org\/en\/wp-json\/wp\/v2\/pages\/2560\/revisions\/6221"}],"wp:attachment":[{"href":"https:\/\/marocotel.org\/en\/wp-json\/wp\/v2\/media?parent=2560"}],"curies":[{"name":"wp","href":"https:\/\/api.w.org\/{rel}","templated":true}]}}