{"id":6510,"date":"2026-04-08T13:00:06","date_gmt":"2026-04-08T11:00:06","guid":{"rendered":"https:\/\/marocotel.org\/?post_type=exposants&#038;p=6510"},"modified":"2026-04-08T13:03:22","modified_gmt":"2026-04-08T11:03:22","slug":"musicana-group-2","status":"publish","type":"exposants","link":"https:\/\/marocotel.org\/en\/exposants\/musicana-group-2\/","title":{"rendered":"MUSICANA GROUP"},"content":{"rendered":"<figure class=\"wp-block-image size-full is-resized\"><img loading=\"lazy\" decoding=\"async\" width=\"1587\" height=\"1123\" src=\"https:\/\/marocotel.org\/wp-content\/uploads\/2026\/04\/logo-musicana-1.png\" alt=\"\" class=\"wp-image-6511\" style=\"aspect-ratio:1.294143135697263;width:357px;height:auto\" srcset=\"https:\/\/marocotel.org\/wp-content\/uploads\/2026\/04\/logo-musicana-1.png 1587w, https:\/\/marocotel.org\/wp-content\/uploads\/2026\/04\/logo-musicana-1-300x212.png 300w, https:\/\/marocotel.org\/wp-content\/uploads\/2026\/04\/logo-musicana-1-1024x725.png 1024w, https:\/\/marocotel.org\/wp-content\/uploads\/2026\/04\/logo-musicana-1-768x543.png 768w, https:\/\/marocotel.org\/wp-content\/uploads\/2026\/04\/logo-musicana-1-1536x1087.png 1536w, https:\/\/marocotel.org\/wp-content\/uploads\/2026\/04\/logo-musicana-1-18x12.png 18w\" sizes=\"auto, (max-width: 1587px) 100vw, 1587px\" \/><\/figure>\n\n\n\n<p class=\"wp-block-paragraph\">&nbsp;<\/p>\n\n\n\n<div class=\"wp-block-columns is-layout-flex wp-container-core-columns-is-layout-8f761849 wp-block-columns-is-layout-flex\">\n<div class=\"wp-block-column is-layout-flow wp-block-column-is-layout-flow\" style=\"flex-basis:33.33%\"><\/div>\n\n\n\n<div class=\"wp-block-column is-layout-flow wp-block-column-is-layout-flow\" style=\"flex-basis:66.66%\">\n<p class=\"wp-block-paragraph\"><\/p>\n\n\n\n<p class=\"wp-block-paragraph\">Agence d\u2019\u00e9v\u00e9nementiel bas\u00e9e sur Casablanca, sp\u00e9cialis\u00e9e dans l\u2019\u00e9v\u00e9nementiel d\u2018entreprise.<\/p>\n\n\n\n<p class=\"wp-block-paragraph\">Pour votre soir\u00e9e d\u2019entreprise, inauguration, lancement de produit, gala, s\u00e9minaire, salons grand public, et foires, nous vous accompagnons pour donner vie aux marques et imaginer des concepts uniques.<\/p>\n\n\n\n<p class=\"wp-block-paragraph\">Nous s\u00e9lectionnons les lieux les plus surprenants et inventifs, nous r\u00e9unissons notre brigade de talents, nous y ajoutons une probl\u00e9matique bien travaill\u00e9e, nous informons judicieusement les prestataires et professionnels, et nous engageons d\u2019animations et de concepts originaux<\/p>\n\n\n\n<p class=\"wp-block-paragraph\"><strong>Ev\u00e8nementiel<\/strong>&nbsp;: Qu\u2019il soit interne ou public, \u00e0 petite ou grande \u00e9chelle entre d\u00e9partements, entre collaborateurs, ou source de nouvelles rencontres, nous donnons vie \u00e0 vos projets afin de permettre \u00e0 vos cibles de plonger au c\u0153ur de votre entreprise et ses concepts le temps d\u2019une dynamique ind\u00e9niable.<\/p>\n\n\n\n<p class=\"wp-block-paragraph\"><strong>S\u00e9minaires d&rsquo;entreprise&nbsp;: <\/strong>De petite ou de grande envergure, notre agence met \u00e0 votre disposition une expertise pointue et un accompagnement personnalis\u00e9 afin de vous offrir un cadre agr\u00e9able pour stimuler la cr\u00e9ativit\u00e9 et la productivit\u00e9 de vos collaborateurs. Pr\u00e9cision et savoir-faire sont nos atouts incontournables pour un s\u00e9minaire r\u00e9ussi et de qualit\u00e9.<\/p>\n\n\n\n<p class=\"wp-block-paragraph\"><strong>Galas &amp; Soir\u00e9es Priv\u00e9es&nbsp;:<\/strong> Animez vos soir\u00e9es avec MUSICANA Group ! Nous avons tous les ingr\u00e9dients n\u00e9cessaires \u00e0 la r\u00e9ussite de vos \u00e9v\u00e9nements: Notre d\u00e9marche cr\u00e9ative et sur mesure permet la r\u00e9alisation de vos projets de mani\u00e8re efficace et distingu\u00e9e !<\/p>\n\n\n\n<p class=\"wp-block-paragraph\"><strong>Chapiteaux&nbsp;:<\/strong> Que ce soit pour un mariage \u00e9l\u00e9gant, un festival anim\u00e9 ou une soir\u00e9e d&rsquo;entreprise m\u00e9morable, nos chapiteaux cr\u00e9ent l&rsquo;atmosph\u00e8re parfaite, quel que soit le lieu ou l&rsquo;occasion. Avec notre vaste s\u00e9lection de tailles et de styles, nous nous adaptons \u00e0 vos besoins sp\u00e9cifiques, garantissant un espace magnifique et fonctionnel pour vos invit\u00e9s.<\/p>\n\n\n\n<p class=\"wp-block-paragraph\"><strong>Foires &amp; Salons<\/strong>&nbsp;: Musicana Group sp\u00e9cialiste de l&rsquo;organisation, la promotion et la gestion d&rsquo;\u00e9v\u00e9nements, tels que les salons grand public, les foires commerciales, les expositions, les congr\u00e8s, les conf\u00e9rences et les r\u00e9unions, incluant ou non la mise \u00e0 disposition de personnels lors de l&rsquo;\u00e9v\u00e9nement<\/p>\n<\/div>\n<\/div>\n\n\n\n<div style=\"height:30px\" aria-hidden=\"true\" class=\"wp-block-spacer\"><\/div>\n\n\n\n<div class=\"wp-block-columns is-layout-flex wp-container-core-columns-is-layout-8f761849 wp-block-columns-is-layout-flex\">\n<div class=\"wp-block-column is-layout-flow wp-block-column-is-layout-flow\">\n<small>Raison sociale<\/small><br \/><strong>MUSICANA GROUP<\/strong>\n<\/div>\n\n\n\n<div class=\"wp-block-column is-layout-flow wp-block-column-is-layout-flow\">\n<small>Secteur<\/small><br \/><strong>D\u00e9tendre &#038; Divertir<\/strong>\n\n\n\n<p class=\"wp-block-paragraph\">&nbsp;<\/p>\n<\/div>\n\n\n\n<div class=\"wp-block-column is-layout-flow wp-block-column-is-layout-flow\">\n<small><\/small><br\/>\n<\/div>\n<\/div>\n\n\n\n<div class=\"wp-block-columns is-layout-flex wp-container-core-columns-is-layout-8f761849 wp-block-columns-is-layout-flex\">\n<div class=\"wp-block-column is-layout-flow wp-block-column-is-layout-flow\">\n<small>Contact<\/small><br \/><strong>: Anas Tlemsani BenHattal                         <\/strong><br \/><strong>\n\n\n\n<p class=\"wp-block-paragraph\">&nbsp;<\/p>\n<\/div>\n\n\n\n<div class=\"wp-block-column is-layout-flow wp-block-column-is-layout-flow\">\n<small>Fonction<\/small><br \/><strong>G\u00e9rant<\/strong><br \/><strong><strong>\n\n\n\n<p class=\"wp-block-paragraph\">&nbsp;<\/p>\n<\/div>\n\n\n\n<div class=\"wp-block-column is-layout-flow wp-block-column-is-layout-flow\">\n<small>Site web<\/small><br \/><strong>www.musicanaevent.com<strong>\n\n\n\n<p class=\"wp-block-paragraph\">&nbsp;<\/p>\n<\/div>\n<\/div>\n\n\n\n<div class=\"wp-block-columns is-layout-flex wp-container-core-columns-is-layout-8f761849 wp-block-columns-is-layout-flex\">\n<div class=\"wp-block-column is-layout-flow wp-block-column-is-layout-flow\">\n<small>T\u00e9l\u00e9phone<\/small><br \/><strong>T\u00e9l. :\t+212 661-194198                    \t<strong>\n<\/div>\n\n\n\n<div class=\"wp-block-column is-layout-flow wp-block-column-is-layout-flow\">\n<small>Email<\/small><br \/><strong>info.musicanaevent@gmail.com <strong>\n<\/div>\n\n\n\n<div class=\"wp-block-column is-layout-flow wp-block-column-is-layout-flow\">\n<small>Adresse<\/small><br \/><strong>07 Rue Al Hotaia, Quartier Maarif &#8211; 20500 Casablanca<strong>\n<\/div>\n<\/div>\n\n\n\n<p class=\"wp-block-paragraph\">&nbsp;<\/p>","protected":false},"featured_media":6511,"menu_order":0,"template":"","meta":{"_acf_changed":true},"categories":[68,72],"class_list":["post-6510","exposants","type-exposants","status-publish","has-post-thumbnail","hentry","category-cuisiner-et-servir","category-nettoyer-et-entretenir"],"acf":[],"_links":{"self":[{"href":"https:\/\/marocotel.org\/en\/wp-json\/wp\/v2\/exposants\/6510","targetHints":{"allow":["GET"]}}],"collection":[{"href":"https:\/\/marocotel.org\/en\/wp-json\/wp\/v2\/exposants"}],"about":[{"href":"https:\/\/marocotel.org\/en\/wp-json\/wp\/v2\/types\/exposants"}],"wp:featuredmedia":[{"embeddable":true,"href":"https:\/\/marocotel.org\/en\/wp-json\/wp\/v2\/media\/6511"}],"wp:attachment":[{"href":"https:\/\/marocotel.org\/en\/wp-json\/wp\/v2\/media?parent=6510"}],"wp:term":[{"taxonomy":"category","embeddable":true,"href":"https:\/\/marocotel.org\/en\/wp-json\/wp\/v2\/categories?post=6510"}],"curies":[{"name":"wp","href":"https:\/\/api.w.org\/{rel}","templated":true}]}}