{"id":6080,"date":"2026-03-26T22:51:34","date_gmt":"2026-03-26T21:51:34","guid":{"rendered":"https:\/\/marocotel.org\/?post_type=exposants&#038;p=6080"},"modified":"2026-04-14T10:38:09","modified_gmt":"2026-04-14T08:38:09","slug":"chr-project","status":"publish","type":"exposants","link":"https:\/\/marocotel.org\/en\/exposants\/chr-project\/","title":{"rendered":"CHR PROJECT"},"content":{"rendered":"<p class=\"wp-block-paragraph\">&nbsp;<\/p>\n\n\n\n<figure class=\"wp-block-image size-large is-resized\"><img loading=\"lazy\" decoding=\"async\" width=\"1024\" height=\"791\" src=\"https:\/\/marocotel.org\/wp-content\/uploads\/2026\/03\/CHR-PROJECT-LOGO-BONNE-RESOLUTION-1-1-1024x791.png\" alt=\"\" class=\"wp-image-6548\" style=\"aspect-ratio:1.2946106054038433;width:296px;height:auto\" srcset=\"https:\/\/marocotel.org\/wp-content\/uploads\/2026\/03\/CHR-PROJECT-LOGO-BONNE-RESOLUTION-1-1-1024x791.png 1024w, https:\/\/marocotel.org\/wp-content\/uploads\/2026\/03\/CHR-PROJECT-LOGO-BONNE-RESOLUTION-1-1-300x232.png 300w, https:\/\/marocotel.org\/wp-content\/uploads\/2026\/03\/CHR-PROJECT-LOGO-BONNE-RESOLUTION-1-1-768x593.png 768w, https:\/\/marocotel.org\/wp-content\/uploads\/2026\/03\/CHR-PROJECT-LOGO-BONNE-RESOLUTION-1-1-1536x1187.png 1536w, https:\/\/marocotel.org\/wp-content\/uploads\/2026\/03\/CHR-PROJECT-LOGO-BONNE-RESOLUTION-1-1-2048x1583.png 2048w, https:\/\/marocotel.org\/wp-content\/uploads\/2026\/03\/CHR-PROJECT-LOGO-BONNE-RESOLUTION-1-1-16x12.png 16w\" sizes=\"auto, (max-width: 1024px) 100vw, 1024px\" \/><\/figure>\n\n\n\n<div class=\"wp-block-columns is-layout-flex wp-container-core-columns-is-layout-8f761849 wp-block-columns-is-layout-flex\">\n<div class=\"wp-block-column is-layout-flow wp-block-column-is-layout-flow\" style=\"flex-basis:33.33%\"><\/div>\n\n\n\n<div class=\"wp-block-column is-layout-flow wp-block-column-is-layout-flow\" style=\"flex-basis:66.66%\">\n<p class=\"wp-block-paragraph\">Sp\u00e9cialiste des cuisines professionnelles, CHR PROJECT con\u00e7oit et r\u00e9alise des projets cl\u00e9s en main pour les restaurants, h\u00f4tels et collectivit\u00e9s. Notre mission : optimiser vos espaces, am\u00e9liorer la productivit\u00e9 et garantir des installations fiables, durables et conformes aux normes.<\/p>\n\n\n\n<p class=\"wp-block-paragraph\"><\/p>\n\n\n\n<p class=\"wp-block-paragraph\"><\/p>\n<\/div>\n<\/div>\n\n\n\n<div style=\"height:30px\" aria-hidden=\"true\" class=\"wp-block-spacer\"><\/div>\n\n\n\n<div class=\"wp-block-columns is-layout-flex wp-container-core-columns-is-layout-8f761849 wp-block-columns-is-layout-flex\">\n<div class=\"wp-block-column is-layout-flow wp-block-column-is-layout-flow\">\n<small>Raison sociale<\/small><br \/><strong>CHR PROJECT<\/strong>\n<\/div>\n\n\n\n<div class=\"wp-block-column is-layout-flow wp-block-column-is-layout-flow\">\n<small>Secteur<\/small><br \/><strong>Cuisiner &#038; Servir<\/strong>\n\n\n\n<p class=\"wp-block-paragraph\">&nbsp;<\/p>\n<\/div>\n\n\n\n<div class=\"wp-block-column is-layout-flow wp-block-column-is-layout-flow\">\n<small><\/small><br\/>\n<\/div>\n<\/div>\n\n\n\n<div class=\"wp-block-columns is-layout-flex wp-container-core-columns-is-layout-8f761849 wp-block-columns-is-layout-flex\">\n<div class=\"wp-block-column is-layout-flow wp-block-column-is-layout-flow\">\n<small>Contact<\/small><br \/><strong>Chakir RAJAH<\/strong>\n\n\n\n<p class=\"wp-block-paragraph\">&nbsp;<\/p>\n<\/div>\n\n\n\n<div class=\"wp-block-column is-layout-flow wp-block-column-is-layout-flow\">\n<small>Fonction<\/small><br \/><strong>Dirigeant<\/strong>\n\n\n\n<p class=\"wp-block-paragraph\">&nbsp;<\/p>\n<\/div>\n\n\n\n<div class=\"wp-block-column is-layout-flow wp-block-column-is-layout-flow\">\n<small>Site web<\/small><br \/><strong>CHR Concept &#8211; Votre cuisiniste professionnel<\/strong>\n\n\n\n<p class=\"wp-block-paragraph\">&nbsp;<\/p>\n<\/div>\n<\/div>\n\n\n\n<div class=\"wp-block-columns is-layout-flex wp-container-core-columns-is-layout-8f761849 wp-block-columns-is-layout-flex\">\n<div class=\"wp-block-column is-layout-flow wp-block-column-is-layout-flow\">\n<small>T\u00e9l\u00e9phone<\/small><br \/><strong>T\u00e9l. : 06 03 38 85 42<\/strong>\n<\/div>\n\n\n\n<div class=\"wp-block-column is-layout-flow wp-block-column-is-layout-flow\">\n<small>Email<\/small><br \/><strong>contact@chr-project.com<\/strong>\n<\/div>\n\n\n\n<div class=\"wp-block-column is-layout-flow wp-block-column-is-layout-flow\">\n<small>Adresse<\/small><br \/><strong>AV MOHAMMED 5 CENTRE D&rsquo;AFFAIRES AL MAJID BUREAU N AL MAJID 25 , Marrakech<\/strong>\n<\/div>\n<\/div>\n\n\n\n<p class=\"wp-block-paragraph\">&nbsp;<\/p>\n\n\n\n<p class=\"wp-block-paragraph\"><\/p>","protected":false},"featured_media":6546,"menu_order":0,"template":"","meta":{"_acf_changed":false},"categories":[68],"class_list":["post-6080","exposants","type-exposants","status-publish","has-post-thumbnail","hentry","category-cuisiner-et-servir"],"acf":[],"_links":{"self":[{"href":"https:\/\/marocotel.org\/en\/wp-json\/wp\/v2\/exposants\/6080","targetHints":{"allow":["GET"]}}],"collection":[{"href":"https:\/\/marocotel.org\/en\/wp-json\/wp\/v2\/exposants"}],"about":[{"href":"https:\/\/marocotel.org\/en\/wp-json\/wp\/v2\/types\/exposants"}],"wp:featuredmedia":[{"embeddable":true,"href":"https:\/\/marocotel.org\/en\/wp-json\/wp\/v2\/media\/6546"}],"wp:attachment":[{"href":"https:\/\/marocotel.org\/en\/wp-json\/wp\/v2\/media?parent=6080"}],"wp:term":[{"taxonomy":"category","embeddable":true,"href":"https:\/\/marocotel.org\/en\/wp-json\/wp\/v2\/categories?post=6080"}],"curies":[{"name":"wp","href":"https:\/\/api.w.org\/{rel}","templated":true}]}}