{"id":6065,"date":"2026-03-26T22:17:58","date_gmt":"2026-03-26T21:17:58","guid":{"rendered":"https:\/\/marocotel.org\/?post_type=exposants&#038;p=6065"},"modified":"2026-04-14T17:40:08","modified_gmt":"2026-04-14T15:40:08","slug":"flexibois","status":"publish","type":"exposants","link":"https:\/\/marocotel.org\/en\/exposants\/flexibois\/","title":{"rendered":"FLEXIBOIS"},"content":{"rendered":"<figure class=\"wp-block-image size-full is-resized\"><img loading=\"lazy\" decoding=\"async\" width=\"224\" height=\"97\" src=\"https:\/\/marocotel.org\/wp-content\/uploads\/2026\/03\/FlexiBois-logo.png\" alt=\"\" class=\"wp-image-6578\" style=\"aspect-ratio:2.309489286289673;width:239px;height:auto\" srcset=\"https:\/\/marocotel.org\/wp-content\/uploads\/2026\/03\/FlexiBois-logo.png 224w, https:\/\/marocotel.org\/wp-content\/uploads\/2026\/03\/FlexiBois-logo-18x8.png 18w\" sizes=\"auto, (max-width: 224px) 100vw, 224px\" \/><\/figure>\n\n\n\n<p class=\"wp-block-paragraph\">&nbsp;<\/p>\n\n\n\n<div class=\"wp-block-columns is-layout-flex wp-container-core-columns-is-layout-8f761849 wp-block-columns-is-layout-flex\">\n<div class=\"wp-block-column is-layout-flow wp-block-column-is-layout-flow\" style=\"flex-basis:33.33%\"><\/div>\n\n\n\n<div class=\"wp-block-column is-layout-flow wp-block-column-is-layout-flow\" style=\"flex-basis:66.66%\">\n<p class=\"wp-block-paragraph\">Flexibois Contract &amp; Arken groupe r\u00e9unissent leurs expertises au sein d&rsquo;une seule \u00e9quipe int\u00e9gr\u00e9e. Designers, architectes et ing\u00e9nieurs de production travaillent main dans la main pour concevoir et r\u00e9aliser des espaces d&rsquo;exception. Nous accompagnons les h\u00f4tels 4 &amp; 5 \u00e9toiles, les r\u00e9sidences de luxe et les projets architecturaux d&rsquo;envergure depuis I&rsquo;\u00e9tude initiale jusqu&rsquo;\u00e0 la fabrication et l&rsquo;installation cl\u00e9 en main. Chaque projet devient une exp\u00e9rience unique, alliant cr\u00e9ativit\u00e9, design italien et savoir-faire industriel.<\/p>\n\n\n\n<p class=\"wp-block-paragraph\"><\/p>\n\n\n\n<p class=\"wp-block-paragraph\"><\/p>\n<\/div>\n<\/div>\n\n\n\n<div style=\"height:30px\" aria-hidden=\"true\" class=\"wp-block-spacer\"><\/div>\n\n\n\n<div class=\"wp-block-columns is-layout-flex wp-container-core-columns-is-layout-8f761849 wp-block-columns-is-layout-flex\">\n<div class=\"wp-block-column is-layout-flow wp-block-column-is-layout-flow\">\n<small>Raison sociale<\/small><br \/><strong>FLEXIBOIS CONTRACT<\/strong>\n<\/div>\n\n\n\n<div class=\"wp-block-column is-layout-flow wp-block-column-is-layout-flow\">\n<small>Secteur<\/small><br \/><strong>Concevoir &#038; D\u00e9corer<\/strong>\n\n\n\n<p class=\"wp-block-paragraph\">&nbsp;<\/p>\n<\/div>\n\n\n\n<div class=\"wp-block-column is-layout-flow wp-block-column-is-layout-flow\">\n<small><\/small><br\/>\n<\/div>\n<\/div>\n\n\n\n<div class=\"wp-block-columns is-layout-flex wp-container-core-columns-is-layout-8f761849 wp-block-columns-is-layout-flex\">\n<div class=\"wp-block-column is-layout-flow wp-block-column-is-layout-flow\">\n<small>Contact<\/small><br \/><strong>Mr BOUKHARI AZIZ<br \/>Mme FITHANE KENZA<\/strong>\n\n\n\n<p class=\"wp-block-paragraph\">&nbsp;<\/p>\n<\/div>\n\n\n\n<div class=\"wp-block-column is-layout-flow wp-block-column-is-layout-flow\">\n<small>Fonction<\/small><br \/><strong>GERANT<br \/>DIRECTRICE COMMERCIALE<\/strong>\n\n\n\n<p class=\"wp-block-paragraph\">&nbsp;<\/p>\n<\/div>\n\n\n\n<div class=\"wp-block-column is-layout-flow wp-block-column-is-layout-flow\">\n<small>Site web<\/small><br \/><strong>boukhari007@gmail.com archimobili.project@gmail.com<\/strong>\n\n\n\n<p class=\"wp-block-paragraph\">&nbsp;<\/p>\n<\/div>\n<\/div>\n\n\n\n<div class=\"wp-block-columns is-layout-flex wp-container-core-columns-is-layout-8f761849 wp-block-columns-is-layout-flex\">\n<div class=\"wp-block-column is-layout-flow wp-block-column-is-layout-flow\">\n<small>T\u00e9l\u00e9phone<\/small><br \/><strong>GSM : 0661-066206<br \/>0660-122150<\/strong>\n<\/div>\n\n\n\n<div class=\"wp-block-column is-layout-flow wp-block-column-is-layout-flow\">\n<small>Email<\/small><br \/><strong>boukhari007@gmail.com archimobili.project@gmail.com<\/strong>\n<\/div>\n\n\n\n<div class=\"wp-block-column is-layout-flow wp-block-column-is-layout-flow\">\n<small>Adresse<\/small><br \/><strong>Angle Rue Raphael Mariscal et rue Aim\u00e9 Feraud Ain Borja-Casablanca, enregistr\u00e9e au registre de commerce de Casablanca<\/strong>\n<\/div>\n<\/div>\n\n\n\n<p class=\"wp-block-paragraph\">&nbsp;<\/p>\n\n\n\n<p class=\"wp-block-paragraph\"><\/p>","protected":false},"featured_media":6578,"menu_order":0,"template":"","meta":{"_acf_changed":true},"categories":[69],"class_list":["post-6065","exposants","type-exposants","status-publish","has-post-thumbnail","hentry","category-concevoir-et-decorer"],"acf":[],"_links":{"self":[{"href":"https:\/\/marocotel.org\/en\/wp-json\/wp\/v2\/exposants\/6065","targetHints":{"allow":["GET"]}}],"collection":[{"href":"https:\/\/marocotel.org\/en\/wp-json\/wp\/v2\/exposants"}],"about":[{"href":"https:\/\/marocotel.org\/en\/wp-json\/wp\/v2\/types\/exposants"}],"wp:featuredmedia":[{"embeddable":true,"href":"https:\/\/marocotel.org\/en\/wp-json\/wp\/v2\/media\/6578"}],"wp:attachment":[{"href":"https:\/\/marocotel.org\/en\/wp-json\/wp\/v2\/media?parent=6065"}],"wp:term":[{"taxonomy":"category","embeddable":true,"href":"https:\/\/marocotel.org\/en\/wp-json\/wp\/v2\/categories?post=6065"}],"curies":[{"name":"wp","href":"https:\/\/api.w.org\/{rel}","templated":true}]}}