{"id":6047,"date":"2026-03-26T21:02:48","date_gmt":"2026-03-26T20:02:48","guid":{"rendered":"https:\/\/marocotel.org\/?post_type=exposants&#038;p=6047"},"modified":"2026-04-14T13:33:40","modified_gmt":"2026-04-14T11:33:40","slug":"les-cafes-du-bois","status":"publish","type":"exposants","link":"https:\/\/marocotel.org\/en\/exposants\/les-cafes-du-bois\/","title":{"rendered":"LES CAFES DU BOIS"},"content":{"rendered":"<figure class=\"wp-block-image size-full is-resized\"><img loading=\"lazy\" decoding=\"async\" width=\"378\" height=\"339\" src=\"https:\/\/marocotel.org\/wp-content\/uploads\/2026\/03\/Logo-Les-Cafes-Dubois-1.png\" alt=\"\" class=\"wp-image-6557\" style=\"aspect-ratio:1.115049550587693;width:285px;height:auto\" srcset=\"https:\/\/marocotel.org\/wp-content\/uploads\/2026\/03\/Logo-Les-Cafes-Dubois-1.png 378w, https:\/\/marocotel.org\/wp-content\/uploads\/2026\/03\/Logo-Les-Cafes-Dubois-1-300x269.png 300w, https:\/\/marocotel.org\/wp-content\/uploads\/2026\/03\/Logo-Les-Cafes-Dubois-1-13x12.png 13w\" sizes=\"auto, (max-width: 378px) 100vw, 378px\" \/><\/figure>\n\n\n\n<p class=\"wp-block-paragraph\">&nbsp;<\/p>\n\n\n\n<div class=\"wp-block-columns is-layout-flex wp-container-core-columns-is-layout-8f761849 wp-block-columns-is-layout-flex\">\n<div class=\"wp-block-column is-layout-flow wp-block-column-is-layout-flow\" style=\"flex-basis:33.33%\"><\/div>\n\n\n\n<div class=\"wp-block-column is-layout-flow wp-block-column-is-layout-flow\" style=\"flex-basis:66.66%\">\n<p class=\"wp-block-paragraph\">Les Caf\u00e9s DUBOIS, c\u2019est un h\u00e9ritage de 100 ans de tradition.<br>Notre savoir-faire prend corps depuis la s\u00e9lection des grains import\u00e9s et s\u00e9lectionn\u00e9s parmi les meilleures origines jusqu\u2019\u00e0 la torr\u00e9faction avec une m\u00e9thode artisanale pour sublimer des caf\u00e9s aux saveurs raffin\u00e9es.<br>Avec les Caf\u00e9s DUBOIS, souriez \u00e0 la vie !<\/p>\n\n\n\n<p class=\"wp-block-paragraph\"><\/p>\n\n\n\n<p class=\"wp-block-paragraph\"><\/p>\n<\/div>\n<\/div>\n\n\n\n<div style=\"height:30px\" aria-hidden=\"true\" class=\"wp-block-spacer\"><\/div>\n\n\n\n<div class=\"wp-block-columns is-layout-flex wp-container-core-columns-is-layout-8f761849 wp-block-columns-is-layout-flex\">\n<div class=\"wp-block-column is-layout-flow wp-block-column-is-layout-flow\">\n<small>Raison sociale<\/small><br \/><strong>Les Caf\u00e9s DUBOIS<\/strong>\n<\/div>\n\n\n\n<div class=\"wp-block-column is-layout-flow wp-block-column-is-layout-flow\">\n<small>Secteur<\/small><br \/>\n\n\n\n<p class=\"wp-block-paragraph\">&nbsp;<\/p>\n<\/div>\n\n\n\n<div class=\"wp-block-column is-layout-flow wp-block-column-is-layout-flow\">\n<small><\/small><br\/>\n<\/div>\n<\/div>\n\n\n\n<div class=\"wp-block-columns is-layout-flex wp-container-core-columns-is-layout-8f761849 wp-block-columns-is-layout-flex\">\n<div class=\"wp-block-column is-layout-flow wp-block-column-is-layout-flow\">\n<small>Contact<\/small><br \/><strong>Yasmina Dahouni<\/strong>\n\n\n\n<p class=\"wp-block-paragraph\">&nbsp;<\/p>\n<\/div>\n\n\n\n<div class=\"wp-block-column is-layout-flow wp-block-column-is-layout-flow\">\n<small>Fonction<\/small><br \/><strong>Directrice Marketing et Communication<\/strong>\n\n\n\n<p class=\"wp-block-paragraph\">&nbsp;<\/p>\n<\/div>\n\n\n\n<div class=\"wp-block-column is-layout-flow wp-block-column-is-layout-flow\">\n<small>Site web<\/small><br \/><strong>https:\/\/lescafesdubois.com\/<\/strong>\n\n\n\n<p class=\"wp-block-paragraph\">&nbsp;<\/p>\n<\/div>\n<\/div>\n\n\n\n<div class=\"wp-block-columns is-layout-flex wp-container-core-columns-is-layout-8f761849 wp-block-columns-is-layout-flex\">\n<div class=\"wp-block-column is-layout-flow wp-block-column-is-layout-flow\">\n<small>T\u00e9l\u00e9phone<\/small><br \/><strong>T\u00e9l. : 0522620334 <br \/>Fax : 0522618048<\/strong>\n<\/div>\n\n\n\n<div class=\"wp-block-column is-layout-flow wp-block-column-is-layout-flow\">\n<small>Email<\/small><br \/><strong>commercial@lescafesdubois.com<\/strong>\n<\/div>\n\n\n\n<div class=\"wp-block-column is-layout-flow wp-block-column-is-layout-flow\">\n<small>Adresse<\/small><br \/><strong>885, zone industrielle SAPINO, Nouaceur, 27000, Maroc<\/strong>\n<\/div>\n<\/div>\n\n\n\n<p class=\"wp-block-paragraph\">&nbsp;<\/p>","protected":false},"featured_media":6556,"menu_order":0,"template":"","meta":{"_acf_changed":false},"categories":[1],"class_list":["post-6047","exposants","type-exposants","status-publish","has-post-thumbnail","hentry","category-non-classe"],"acf":[],"_links":{"self":[{"href":"https:\/\/marocotel.org\/en\/wp-json\/wp\/v2\/exposants\/6047","targetHints":{"allow":["GET"]}}],"collection":[{"href":"https:\/\/marocotel.org\/en\/wp-json\/wp\/v2\/exposants"}],"about":[{"href":"https:\/\/marocotel.org\/en\/wp-json\/wp\/v2\/types\/exposants"}],"wp:featuredmedia":[{"embeddable":true,"href":"https:\/\/marocotel.org\/en\/wp-json\/wp\/v2\/media\/6556"}],"wp:attachment":[{"href":"https:\/\/marocotel.org\/en\/wp-json\/wp\/v2\/media?parent=6047"}],"wp:term":[{"taxonomy":"category","embeddable":true,"href":"https:\/\/marocotel.org\/en\/wp-json\/wp\/v2\/categories?post=6047"}],"curies":[{"name":"wp","href":"https:\/\/api.w.org\/{rel}","templated":true}]}}