{"id":6031,"date":"2026-03-26T20:10:14","date_gmt":"2026-03-26T19:10:14","guid":{"rendered":"https:\/\/marocotel.org\/?post_type=exposants&#038;p=6031"},"modified":"2026-04-14T15:38:10","modified_gmt":"2026-04-14T13:38:10","slug":"rkf-moroccan-division","status":"publish","type":"exposants","link":"https:\/\/marocotel.org\/en\/exposants\/rkf-moroccan-division\/","title":{"rendered":"RKF MOROCCAN DIVISION"},"content":{"rendered":"<figure class=\"wp-block-image size-large is-resized\"><img loading=\"lazy\" decoding=\"async\" width=\"1024\" height=\"1024\" src=\"https:\/\/marocotel.org\/wp-content\/uploads\/2026\/03\/Logo-Moroccan-division-Vector-big-size-1-1024x1024.png\" alt=\"\" class=\"wp-image-6610\" style=\"width:254px;height:auto\" srcset=\"https:\/\/marocotel.org\/wp-content\/uploads\/2026\/03\/Logo-Moroccan-division-Vector-big-size-1-1024x1024.png 1024w, https:\/\/marocotel.org\/wp-content\/uploads\/2026\/03\/Logo-Moroccan-division-Vector-big-size-1-300x300.png 300w, https:\/\/marocotel.org\/wp-content\/uploads\/2026\/03\/Logo-Moroccan-division-Vector-big-size-1-150x150.png 150w, https:\/\/marocotel.org\/wp-content\/uploads\/2026\/03\/Logo-Moroccan-division-Vector-big-size-1-768x768.png 768w, https:\/\/marocotel.org\/wp-content\/uploads\/2026\/03\/Logo-Moroccan-division-Vector-big-size-1-1536x1536.png 1536w, https:\/\/marocotel.org\/wp-content\/uploads\/2026\/03\/Logo-Moroccan-division-Vector-big-size-1-2048x2048.png 2048w, https:\/\/marocotel.org\/wp-content\/uploads\/2026\/03\/Logo-Moroccan-division-Vector-big-size-1-12x12.png 12w, https:\/\/marocotel.org\/wp-content\/uploads\/2026\/03\/Logo-Moroccan-division-Vector-big-size-1-370x370.png 370w, https:\/\/marocotel.org\/wp-content\/uploads\/2026\/03\/Logo-Moroccan-division-Vector-big-size-1-170x170.png 170w\" sizes=\"auto, (max-width: 1024px) 100vw, 1024px\" \/><\/figure>\n\n\n\n<p class=\"wp-block-paragraph\">&nbsp;<\/p>\n\n\n\n<div class=\"wp-block-columns is-layout-flex wp-container-core-columns-is-layout-8f761849 wp-block-columns-is-layout-flex\">\n<div class=\"wp-block-column is-layout-flow wp-block-column-is-layout-flow\" style=\"flex-basis:33.33%\"><\/div>\n\n\n\n<div class=\"wp-block-column is-layout-flow wp-block-column-is-layout-flow\" style=\"flex-basis:66.66%\">\n<p class=\"wp-block-paragraph\">RKF Group est une Maison fran\u00e7aise sp\u00e9cialis\u00e9e dans le textile haut de gamme et l\u2019\u00e9quipement bien-\u00eatre pour l\u2019h\u00f4tellerie et les spas d\u2019exception. Partenaire strat\u00e9gique, nous concevons des solutions sur mesure, durables et certifi\u00e9es (OEKO-TEX, GOTS), alliant performance op\u00e9rationnelle, exigence esth\u00e9tique et engagement fort en mati\u00e8re de d\u00e9veloppement durable.<\/p>\n\n\n\n<p class=\"wp-block-paragraph\"><\/p>\n\n\n\n<p class=\"wp-block-paragraph\"><\/p>\n<\/div>\n<\/div>\n\n\n\n<div style=\"height:30px\" aria-hidden=\"true\" class=\"wp-block-spacer\"><\/div>\n\n\n\n<div class=\"wp-block-columns is-layout-flex wp-container-core-columns-is-layout-8f761849 wp-block-columns-is-layout-flex\">\n<div class=\"wp-block-column is-layout-flow wp-block-column-is-layout-flow\">\n<small>Raison sociale<\/small><br \/><strong>RKF Luxury Linen<\/strong>\n<\/div>\n\n\n\n<div class=\"wp-block-column is-layout-flow wp-block-column-is-layout-flow\">\n<small>Secteur<\/small><br \/><strong>Concevoir &#038; D\u00e9corer<\/strong><br \/><strong>D\u00e9tendre &#038; Divertir<\/strong>\n\n\n\n<p class=\"wp-block-paragraph\">&nbsp;<\/p>\n<\/div>\n\n\n\n<div class=\"wp-block-column is-layout-flow wp-block-column-is-layout-flow\">\n<small><\/small><br\/>\n<\/div>\n<\/div>\n\n\n\n<div class=\"wp-block-columns is-layout-flex wp-container-core-columns-is-layout-8f761849 wp-block-columns-is-layout-flex\">\n<div class=\"wp-block-column is-layout-flow wp-block-column-is-layout-flow\">\n<small>Contact<\/small><br \/><strong>Hanane<\/strong>\n\n\n\n<p class=\"wp-block-paragraph\">&nbsp;<\/p>\n<\/div>\n\n\n\n<div class=\"wp-block-column is-layout-flow wp-block-column-is-layout-flow\">\n<small>Fonction<\/small><br \/><strong>DGA &#8211; RKF<\/strong>\n\n\n\n<p class=\"wp-block-paragraph\">&nbsp;<\/p>\n<\/div>\n\n\n\n<div class=\"wp-block-column is-layout-flow wp-block-column-is-layout-flow\">\n<small>Site web<\/small><br \/><strong>www.rkf.fr<\/strong>\n\n\n\n<p class=\"wp-block-paragraph\">&nbsp;<\/p>\n<\/div>\n<\/div>\n\n\n\n<div class=\"wp-block-columns is-layout-flex wp-container-core-columns-is-layout-8f761849 wp-block-columns-is-layout-flex\">\n<div class=\"wp-block-column is-layout-flow wp-block-column-is-layout-flow\">\n<small>T\u00e9l\u00e9phone<\/small><br \/><strong>T\u00e9l. : +33 (0)3 84 90 08 56 <br \/>GSM : +33 (0)6 23 42 10 30<\/strong>\n<\/div>\n\n\n\n<div class=\"wp-block-column is-layout-flow wp-block-column-is-layout-flow\">\n<small>Email<\/small><br \/><strong>rkf@rkf.fr<\/strong>\n<\/div>\n\n\n\n<div class=\"wp-block-column is-layout-flow wp-block-column-is-layout-flow\">\n<small>Adresse<\/small><br \/><strong>5 rue Jacqueline Auriol<\/strong>\n<\/div>\n<\/div>\n\n\n\n<p class=\"wp-block-paragraph\">&nbsp;<\/p>","protected":false},"featured_media":6610,"menu_order":0,"template":"","meta":{"_acf_changed":true},"categories":[69,73],"class_list":["post-6031","exposants","type-exposants","status-publish","has-post-thumbnail","hentry","category-concevoir-et-decorer","category-detendre-et-divertir"],"acf":[],"_links":{"self":[{"href":"https:\/\/marocotel.org\/en\/wp-json\/wp\/v2\/exposants\/6031","targetHints":{"allow":["GET"]}}],"collection":[{"href":"https:\/\/marocotel.org\/en\/wp-json\/wp\/v2\/exposants"}],"about":[{"href":"https:\/\/marocotel.org\/en\/wp-json\/wp\/v2\/types\/exposants"}],"wp:featuredmedia":[{"embeddable":true,"href":"https:\/\/marocotel.org\/en\/wp-json\/wp\/v2\/media\/6610"}],"wp:attachment":[{"href":"https:\/\/marocotel.org\/en\/wp-json\/wp\/v2\/media?parent=6031"}],"wp:term":[{"taxonomy":"category","embeddable":true,"href":"https:\/\/marocotel.org\/en\/wp-json\/wp\/v2\/categories?post=6031"}],"curies":[{"name":"wp","href":"https:\/\/api.w.org\/{rel}","templated":true}]}}